{"id":1901,"date":"2026-08-25T12:05:59","date_gmt":"2026-08-25T12:05:59","guid":{"rendered":"https:\/\/www.redesign.swissradies.ch\/?page_id=1901"},"modified":"2026-08-26T06:08:06","modified_gmt":"2026-08-26T06:08:06","slug":"rezepte","status":"publish","type":"page","link":"https:\/\/www.redesign.swissradies.ch\/?page_id=1901","title":{"rendered":"Rezepte"},"content":{"rendered":"<div class=\"wpb-content-wrapper\">[vc_row full_width=&#8221;container-null&#8221;][vc_column agro_disable_column=&#8221;yes&#8221; css_animation=&#8221;none&#8221;]<div id=\"hero\" class=\"nt-shortcode-hero jarallax section_6a9969dc48cc2 vc_custom_1787659588565 text-center\" data-speed=\"0.7\" data-img-position=\"50% 80%\" data-res-css=\"          \"><div class=\"container\"><div class=\"row\"><div class=\"col-12 col-lg-7\"><h1 class=\"__title\"><span><\/span> REZEPTE<\/h1><\/div><\/div><\/div><\/div>[\/vc_column][\/vc_row][vc_row full_width=&#8221;container&#8221; css_animation=&#8221;zoomIn&#8221;][vc_column]<div class=\"section-heading section-heading--center item_6a9969dc48cf8 vc_custom_1787659655884\" data-res-css=\"     \" data-aos=\"fade-up\"><h2 class=\"__title\">Trutensteak mit K\u00e4se und Radieschen-M\u00e4uschen <span><\/span><\/h2><\/div>[\/vc_column][vc_column width=&#8221;1\/2&#8243; css=&#8221;.vc_custom_1787660222622{margin-right: 0px !important;border-right-width: 0px !important;padding-right: 0px !important;}&#8221;][vc_single_image image=&#8221;2760&#8243; img_size=&#8221;full&#8221; css=&#8221;.vc_custom_1787664800528{margin-right: 0px !important;border-right-width: 0px !important;padding-right: 0px !important;}&#8221;][vc_column_text css=&#8221;&#8221;]\n<p style=\"text-align: left;\"><strong>Arbeitszeit:<\/strong> 25 Minuten<br \/>\n<strong>Schwierigkeitgrad:<\/strong> einfach<\/p>\n[\/vc_column_text][vc_column_text css=&#8221;.vc_custom_1787666546220{padding-top: 50px !important;}&#8221;]\n<h3>Zutaten:<\/h3>\n<table class=\"zutaten\">\n<tbody>\n<tr>\n<td>12<\/td>\n<td>Radieschen<\/td>\n<\/tr>\n<tr>\n<td>24<\/td>\n<td>Gew\u00fcrznelken<\/td>\n<\/tr>\n<tr>\n<td>4 Blatt<\/td>\n<td>Kopfsalat<\/td>\n<\/tr>\n<tr>\n<td>1\/2<\/td>\n<td>Salatgurke<\/td>\n<\/tr>\n<tr>\n<td>4 (\u00e0 50 g)<\/td>\n<td>kleine Trutensteaks<\/td>\n<\/tr>\n<tr>\n<td><\/td>\n<td>Salz<\/td>\n<\/tr>\n<tr>\n<td><\/td>\n<td>Pfeffer<\/td>\n<\/tr>\n<tr>\n<td>1 EL<\/td>\n<td>Sonnenblumen\u00f6l<\/td>\n<\/tr>\n<tr>\n<td>4<\/td>\n<td>Mini Babybel K\u00e4se<\/td>\n<\/tr>\n<\/tbody>\n<\/table>\n<style>\n.zutaten {width: 100%; border-collapse: collapse; font-family: Arial, sans-serif;}<br \/>.zutaten td {padding: 6px 4px; border-bottom: 1px solid #ddd;}<br \/>.zutaten td:first-child {width: 1%; white-space: nowrap; font-weight: 600; padding-right: 12px;}<br \/><\/style>\n[\/vc_column_text][\/vc_column][vc_column width=&#8221;1\/2&#8243; css=&#8221;.vc_custom_1787660228727{margin-left: 0px !important;border-left-width: 0px !important;padding-left: 0px !important;}&#8221;][vc_column_text css=&#8221;.vc_custom_1787663741893{margin-left: 0px !important;border-left-width: 0px !important;padding-left: 0px !important;}&#8221;]\n<h3>Zubereitung:<\/h3>\n<p style=\"text-align: left;\">\u2022 Radieschen waschen. Gr\u00fcn bis auf einen kleinen Stummel abschneiden.<br \/>\nEine Seite flach schneiden, so dass der \u00abRadieschenk\u00f6rper\u00bb sitzen kann.<br \/>\nVon dem abgeschnittenen St\u00fcck zwei d\u00fcnne Scheiben f\u00fcr die Ohren abschneiden.<\/p>\n<p>\u2022 Die Ohrst\u00fcckchen in eingeschnittene Kerben am K\u00f6rper stecken.<br \/>\nNelken als Augen in die Radieschen stecken.<\/p>\n<p>\u2022 Salat putzen, waschen, abtropfen lassen und in mundgerechte St\u00fccke zupfen.<\/p>\n<p>\u2022 Gurke waschen und in Scheiben schneiden.<\/p>\n<p>\u2022 Fleisch waschen, trocken tupfen und mit Salz und Pfeffer w\u00fcrzen.<\/p>\n<p>\u2022 \u00d6l in einer Pfanne erhitzen und Steaks von jeder Seite ca. 3 Minuten braten.<br \/>\nSteaks herausnehmen und ca. 5 Minuten ruhen lassen.<\/p>\n<p>\u2022 Gurke, Fleisch, Salat und K\u00e4se zu T\u00fcrmchen schichten und mit je einem Radieschenm\u00e4uschen kr\u00f6nen.<br \/>\nJeden Teller mit einer Maus garnieren.<\/p>\n<p>\u2022 Wartezeit ca. 5 Minuten[\/vc_column_text][\/vc_column][vc_column css=&#8221;.vc_custom_1787724439149{padding-top: 70px !important;}&#8221; 992_desc=&#8221;&#8221; 768_desc=&#8221;&#8221; 576_desc=&#8221;&#8221;][vc_single_image image=&#8221;1255&#8243; img_size=&#8221;1100&#215;55&#8243; alignment=&#8221;center&#8221; css=&#8221;&#8221;][\/vc_column][\/vc_row][vc_row full_width=&#8221;container&#8221; css_animation=&#8221;zoomIn&#8221;][vc_column]<div class=\"section-heading section-heading--center item_6a9969dc48d0d vc_custom_1787664721884\" data-res-css=\"     \" data-aos=\"fade-up\"><h2 class=\"__title\">Gebackene Radieschen <span><\/span><\/h2><\/div>[\/vc_column][vc_column width=&#8221;1\/2&#8243; css=&#8221;.vc_custom_1787660228727{margin-left: 0px !important;border-left-width: 0px !important;padding-left: 0px !important;}&#8221;][vc_column_text css=&#8221;.vc_custom_1787663723261{margin-left: 0px !important;border-left-width: 0px !important;padding-left: 0px !important;}&#8221;]\n<h3>Zubereitung:<\/h3>\n<p style=\"text-align: left;\">\u2022 Radieschen sorgf\u00e4ltig waschen und putzen.<\/p>\n<p>\u2022 In gleichm\u00e4ssig grosse Scheiben schneiden.<\/p>\n<p>\u2022 Die Scheiben salzen, so wird den Radieschen Wasser entzogen,<br \/>\nmit Zitronensaft besprenkeln und einige Minuten ziehen lassen.<\/p>\n<p>\u2022 Mit einem K\u00fcchenpapier die Wassertropfen abtupfen.<\/p>\n<p>\u2022 Ei in einen tiefen Teller aufschlagen und versprudeln,<br \/>\nMehl und Paniermehl bereitstellen.<\/p>\n<p>\u2022 Die Radieschenscheiben im Mehl wenden,<br \/>\ndurch die Eier ziehen und mit dem Paniermehl panieren.<\/p>\n<p>\u2022 Die panierten Radieschen im heissen \u00d6l goldbraun braten.<\/p>\n<p><strong>Tipp: Servieren Sie die gebackenen Radieschen mit Blattsalat und einer w\u00fcrzigen Sauce.<\/strong>[\/vc_column_text][\/vc_column][vc_column width=&#8221;1\/2&#8243; css=&#8221;.vc_custom_1787660222622{margin-right: 0px !important;border-right-width: 0px !important;padding-right: 0px !important;}&#8221;][vc_single_image image=&#8221;2750&#8243; img_size=&#8221;full&#8221; css=&#8221;.vc_custom_1787661719470{margin-right: 0px !important;border-right-width: 0px !important;padding-right: 0px !important;}&#8221;][vc_column_text css=&#8221;&#8221;]\n<p style=\"text-align: left;\"><strong>Arbeitszeit:<\/strong> 5 &#8211; 15 Minuten<br \/>\n<strong>Schwierigkeitgrad:<\/strong> einfach<\/p>\n[\/vc_column_text][vc_column_text css=&#8221;.vc_custom_1787663030660{padding-top: 50px !important;}&#8221;]\n<h3>Zutaten:<\/h3>\n<table class=\"zutaten\">\n<tbody>\n<tr>\n<td>500 g<\/td>\n<td>Radieschen<\/td>\n<\/tr>\n<tr>\n<td>1<\/td>\n<td>Ei<\/td>\n<\/tr>\n<tr>\n<td><\/td>\n<td>Mehl<\/td>\n<\/tr>\n<tr>\n<td><\/td>\n<td>Paniermehl<\/td>\n<\/tr>\n<tr>\n<td><\/td>\n<td>Salz<\/td>\n<\/tr>\n<tr>\n<td>1 EL<\/td>\n<td>Zitronensaft<\/td>\n<\/tr>\n<tr>\n<td><\/td>\n<td>Pfeffer<\/td>\n<\/tr>\n<tr>\n<td><\/td>\n<td>\u00d6l (zum Herausbacken)<\/td>\n<\/tr>\n<\/tbody>\n<\/table>\n<style>\n.zutaten {<br \/>  width: 100%;<br \/>  border-collapse: collapse;<br \/>  font-family: Arial, sans-serif;<br \/>}<\/p>\n<p>.zutaten td {<br \/>  padding: 8px 12px;<br \/>  border-bottom: 1px solid #ddd;<br \/>}<\/p>\n<p>.zutaten td:first-child {<br \/>  width: 100px;<br \/>  font-weight: 600;<br \/>}<br \/><\/style>\n[\/vc_column_text][\/vc_column][vc_column css=&#8221;.vc_custom_1787724454406{padding-top: 70px !important;}&#8221; 992_desc=&#8221;&#8221; 768_desc=&#8221;&#8221; 576_desc=&#8221;&#8221;][vc_single_image image=&#8221;1255&#8243; img_size=&#8221;1100&#215;55&#8243; alignment=&#8221;center&#8221; css=&#8221;&#8221;][\/vc_column][\/vc_row][vc_row full_width=&#8221;container&#8221; css_animation=&#8221;zoomIn&#8221;][vc_column]<div class=\"section-heading section-heading--center item_6a9969dc48d20 vc_custom_1787664680248\" data-res-css=\"     \" data-aos=\"fade-up\"><h2 class=\"__title\">Radieschen-Cr\u00e8mesuppe <span><\/span><\/h2><\/div>[\/vc_column][vc_column width=&#8221;1\/2&#8243; css=&#8221;.vc_custom_1787660222622{margin-right: 0px !important;border-right-width: 0px !important;padding-right: 0px !important;}&#8221;][vc_single_image image=&#8221;2757&#8243; img_size=&#8221;full&#8221; css=&#8221;.vc_custom_1787664270283{margin-right: 0px !important;border-right-width: 0px !important;padding-right: 0px !important;}&#8221;][vc_column_text css=&#8221;&#8221;]\n<p style=\"text-align: left;\"><strong>Arbeitszeit:<\/strong> 5 &#8211; 15 Minuten<br \/>\n<strong>Schwierigkeitgrad:<\/strong> einfach<\/p>\n[\/vc_column_text][vc_column_text css=&#8221;.vc_custom_1787663093868{padding-top: 50px !important;}&#8221;]\n<h3>Zutaten:<\/h3>\n<table class=\"zutaten\">\n<tbody>\n<tr>\n<td>3 Bd.<\/td>\n<td>Radieschen (mit Bl\u00e4ttern)<\/td>\n<\/tr>\n<tr>\n<td>150 g<\/td>\n<td>Kartoffel (mehligkochend)<\/td>\n<\/tr>\n<tr>\n<td>1 Stk.<\/td>\n<td>Schalotte<\/td>\n<\/tr>\n<tr>\n<td>2 EL<\/td>\n<td>Butter<\/td>\n<\/tr>\n<tr>\n<td>900 ml<\/td>\n<td>Gem\u00fcsebr\u00fche<\/td>\n<\/tr>\n<tr>\n<td>100 g<\/td>\n<td>Cr\u00e8me fra\u00eeche<\/td>\n<\/tr>\n<tr>\n<td>1 Prise<\/td>\n<td>Salz<\/td>\n<\/tr>\n<tr>\n<td>etwas<\/td>\n<td>Pfeffer<\/td>\n<\/tr>\n<tr>\n<td>wenig<\/td>\n<td>Muskatnuss (gerieben, frisch)<\/td>\n<\/tr>\n<\/tbody>\n<\/table>\n<style>\n.zutaten {<br \/>  width: 100%;<br \/>  border-collapse: collapse;<br \/>  color: #000;<br \/>}<\/p>\n<p>.zutaten td {<br \/>  padding: 6px 0;<br \/>  color: #000;<br \/>}<\/p>\n<p>.zutaten td:first-child {<br \/>  width: 120px;<br \/>}<br \/><\/style>\n[\/vc_column_text][\/vc_column][vc_column width=&#8221;1\/2&#8243; css=&#8221;.vc_custom_1787660228727{margin-left: 0px !important;border-left-width: 0px !important;padding-left: 0px !important;}&#8221;][vc_column_text css=&#8221;.vc_custom_1787663226644{margin-left: 0px !important;border-left-width: 0px !important;padding-left: 0px !important;}&#8221;]\n<h3>Zubereitung:<\/h3>\n<p style=\"text-align: left;\">\u2022 Radieschen gr\u00fcndlich waschen.<br \/>\nEtwa 10 Radieschen putzen und beiseitelegen, \u00fcbrige mit Bl\u00e4ttern grob zerkleinern.<br \/>\nKartoffeln sch\u00e4len, waschen und w\u00fcrfeln. Schalotte abziehen und w\u00fcrfeln.<\/p>\n<p>\u2022 Butter in einem Topf erhitzen.<br \/>\nSchalotte darin glasig d\u00fcnsten.<br \/>\nKartoffeln und Radieschen mit Gr\u00fcn zugeben, anschwitzen.<br \/>\nBr\u00fche angie\u00dfen, aufkochen und zugedeckt ca.20 Minuten k\u00f6cheln lassen.<\/p>\n<p>\u2022 Mit einem Stabmixer fein p\u00fcrieren.<br \/>\nCr\u00e8me fra\u00eeche unterr\u00fchren.<\/p>\n<p>\u2022 Mit Salz, Pfeffer, Muskat abschmecken.<br \/>\n5 der \u00fcbrigen Radieschen in Scheiben, 5 in feine W\u00fcrfel schneiden.<br \/>\nIn die Suppe r\u00fchren, Suppe auf vorgew\u00e4rmte Schalen verteilen.<\/p>\n[\/vc_column_text][\/vc_column][vc_column css=&#8221;.vc_custom_1787724462010{padding-top: 70px !important;}&#8221; 992_desc=&#8221;&#8221; 768_desc=&#8221;&#8221; 576_desc=&#8221;&#8221;][vc_single_image image=&#8221;1255&#8243; img_size=&#8221;1100&#215;55&#8243; alignment=&#8221;center&#8221; css=&#8221;&#8221;][\/vc_column][\/vc_row][vc_row full_width=&#8221;container&#8221; css_animation=&#8221;zoomIn&#8221;][vc_column]<div class=\"section-heading section-heading--center item_6a9969dc48d2f vc_custom_1787664512168\" data-res-css=\"     \" data-aos=\"fade-up\"><h2 class=\"__title\">Gebackene Radieschen mit Kr\u00e4uterquark <span><\/span><\/h2><\/div>[\/vc_column][vc_column width=&#8221;1\/2&#8243; css=&#8221;.vc_custom_1787660228727{margin-left: 0px !important;border-left-width: 0px !important;padding-left: 0px !important;}&#8221;][vc_column_text css=&#8221;.vc_custom_1787664447693{margin-left: 0px !important;border-left-width: 0px !important;padding-left: 0px !important;}&#8221;]\n<h3>Zubereitung:<\/h3>\n<p class=\"isSelectedEnd\">\u2022 Radieschen gr\u00fcndlich waschen, Gr\u00fcn entfernen und die Radieschen halbieren. Einige sch\u00f6ne Bl\u00e4tter f\u00fcr die Garnitur beiseitelegen.<\/p>\n<p class=\"isSelectedEnd\">\u2022 Oliven\u00f6l, Honig und Zitronensaft verr\u00fchren. Mit Salz und Pfeffer w\u00fcrzen.<\/p>\n<p class=\"isSelectedEnd\">\u2022 Radieschen mit der Marinade vermischen und auf einem mit Backpapier belegten Blech verteilen.<\/p>\n<p class=\"isSelectedEnd\">\u2022 Im vorgeheizten Backofen bei 200 \u00b0C ca. 15\u201320 Minuten backen, bis die Radieschen leicht gebr\u00e4unt und weich sind.<\/p>\n<p class=\"isSelectedEnd\">\u2022 Quark mit Schnittlauch und Petersilie verr\u00fchren und mit Salz und Pfeffer abschmecken.<\/p>\n<p>\u2022 Gebackene Radieschen mit dem Kr\u00e4uterquark servieren und mit den Radieschenbl\u00e4ttern garnieren.[\/vc_column_text][\/vc_column][vc_column width=&#8221;1\/2&#8243; css=&#8221;.vc_custom_1787660222622{margin-right: 0px !important;border-right-width: 0px !important;padding-right: 0px !important;}&#8221;][vc_single_image image=&#8221;2756&#8243; img_size=&#8221;full&#8221; css=&#8221;.vc_custom_1787664260242{margin-right: 0px !important;border-right-width: 0px !important;padding-right: 0px !important;}&#8221;][vc_column_text css=&#8221;&#8221;]\n<p style=\"text-align: left;\"><strong>Arbeitszeit:<\/strong> 30 Minuten<br \/>\n<strong>Schwierigkeitgrad:<\/strong> einfach<\/p>\n[\/vc_column_text][vc_column_text css=&#8221;.vc_custom_1787664407701{padding-top: 50px !important;}&#8221;]\n<h3>Zutaten:<\/h3>\n<table class=\"zutaten\">\n<tbody>\n<tr>\n<td>3 Bd.<\/td>\n<td>Radieschen<\/td>\n<\/tr>\n<tr>\n<td>2 EL<\/td>\n<td>Oliven\u00f6l<\/td>\n<\/tr>\n<tr>\n<td>1 TL<\/td>\n<td>Honig<\/td>\n<\/tr>\n<tr>\n<td>1 TL<\/td>\n<td>Zitronensaft<\/td>\n<\/tr>\n<tr>\n<td>1 Prise<\/td>\n<td>Salz<\/td>\n<\/tr>\n<tr>\n<td>etwas<\/td>\n<td>Pfeffer<\/td>\n<\/tr>\n<tr>\n<td>150 g<\/td>\n<td>Quark<\/td>\n<\/tr>\n<tr>\n<td>1 EL<\/td>\n<td>Schnittlauch (geschnitten)<\/td>\n<\/tr>\n<tr>\n<td>1 EL<\/td>\n<td>Petersilie (geschnitten)<\/td>\n<\/tr>\n<\/tbody>\n<\/table>\n<style>\n.zutaten {<br \/>  width: 100%;<br \/>  border-collapse: collapse;<br \/>  color: #000;<br \/>}<\/p>\n<p>.zutaten td {<br \/>  padding: 6px 0;<br \/>  color: #000;<br \/>}<\/p>\n<p>.zutaten td:first-child {<br \/>  width: 120px;<br \/>}<br \/><\/style>\n[\/vc_column_text][\/vc_column][vc_column css=&#8221;.vc_custom_1787724468622{padding-top: 70px !important;}&#8221; 992_desc=&#8221;&#8221; 768_desc=&#8221;&#8221; 576_desc=&#8221;&#8221;][vc_single_image image=&#8221;1255&#8243; img_size=&#8221;1100&#215;55&#8243; alignment=&#8221;center&#8221; css=&#8221;&#8221;][\/vc_column][\/vc_row][vc_row full_width=&#8221;container&#8221; css_animation=&#8221;zoomIn&#8221; css=&#8221;.vc_custom_1787664665390{padding-bottom: 50px !important;}&#8221;][vc_column]<div class=\"section-heading section-heading--center item_6a9969dc48d3e vc_custom_1787664503516\" data-res-css=\"     \" data-aos=\"fade-up\"><h2 class=\"__title\">Radieschen-R\u00f6sti <span><\/span><\/h2><\/div>[\/vc_column][vc_column width=&#8221;1\/2&#8243; css=&#8221;.vc_custom_1787660222622{margin-right: 0px !important;border-right-width: 0px !important;padding-right: 0px !important;}&#8221;][vc_single_image image=&#8221;2758&#8243; img_size=&#8221;full&#8221; css=&#8221;.vc_custom_1787664902078{margin-right: 0px !important;border-right-width: 0px !important;padding-right: 0px !important;}&#8221;][vc_column_text css=&#8221;&#8221;]\n<p style=\"text-align: left;\"><strong>Arbeitszeit:<\/strong> 35 Minuten<br \/>\n<strong>Schwierigkeitgrad:<\/strong> einfach<\/p>\n[\/vc_column_text][vc_column_text css=&#8221;.vc_custom_1787664605259{padding-top: 50px !important;}&#8221;]\n<h3>Zutaten:<\/h3>\n<table class=\"zutaten\">\n<tbody>\n<tr>\n<td>3 Bd.<\/td>\n<td>Radieschen<\/td>\n<\/tr>\n<tr>\n<td>1 Stk.<\/td>\n<td>Ei<\/td>\n<\/tr>\n<tr>\n<td>3 EL<\/td>\n<td>Mehl<\/td>\n<\/tr>\n<tr>\n<td>1<\/td>\n<td>kleine Schalotte<\/td>\n<\/tr>\n<tr>\n<td>1 EL<\/td>\n<td>Schnittlauch (geschnitten)<\/td>\n<\/tr>\n<tr>\n<td>etwas<\/td>\n<td>Pfeffer<\/td>\n<\/tr>\n<tr>\n<td>1 Prise<\/td>\n<td>Salz<\/td>\n<\/tr>\n<tr>\n<td>1 Prise<\/td>\n<td>Muskatnuss<\/td>\n<\/tr>\n<tr>\n<td>3 EL<\/td>\n<td>Sonnenblumen\u00f6l<\/td>\n<\/tr>\n<\/tbody>\n<\/table>\n<style>\n.zutaten {<br \/>  width: 100%;<br \/>  border-collapse: collapse;<br \/>  color: #000;<br \/>}<\/p>\n<p>.zutaten td {<br \/>  padding: 6px 0;<br \/>  color: #000;<br \/>}<\/p>\n<p>.zutaten td:first-child {<br \/>  width: 120px;<br \/>}<br \/><\/style>\n[\/vc_column_text][\/vc_column][vc_column width=&#8221;1\/2&#8243; css=&#8221;.vc_custom_1787660228727{margin-left: 0px !important;border-left-width: 0px !important;padding-left: 0px !important;}&#8221;][vc_column_text css=&#8221;.vc_custom_1787664639257{margin-left: 0px !important;border-left-width: 0px !important;padding-left: 0px !important;}&#8221;]\n<h3>Zubereitung:<\/h3>\n<p class=\"isSelectedEnd\">\u2022 Radieschen waschen, Gr\u00fcn entfernen und grob raspeln. Die geraspelten Radieschen mit etwas Salz vermischen und ca. 5 Minuten ziehen lassen.<\/p>\n<p class=\"isSelectedEnd\">\u2022 Radieschen anschlie\u00dfend gut ausdr\u00fccken. Schalotte sch\u00e4len und fein hacken.<\/p>\n<p class=\"isSelectedEnd\">\u2022 Radieschen, Schalotte, Ei, Mehl und Schnittlauch vermischen. Mit Salz, Pfeffer und Muskatnuss w\u00fcrzen.<\/p>\n<p class=\"isSelectedEnd\">\u2022 \u00d6l in einer Pfanne erhitzen. Aus der Radieschenmasse kleine R\u00f6sti formen und portionsweise in die Pfanne geben.<\/p>\n<p class=\"isSelectedEnd\">\u2022 R\u00f6sti von beiden Seiten ca. 3\u20134 Minuten goldbraun und knusprig braten.<\/p>\n<p>\u2022 Auf K\u00fcchenpapier abtropfen lassen und warm servieren. Nach Wunsch mit etwas Kr\u00e4uterquark garnieren.[\/vc_column_text][\/vc_column][\/vc_row][vc_row full_width=&#8221;container-null&#8221;][vc_column agro_disable_column=&#8221;yes&#8221;]<div class=\"section section--dark-bg section--contacts section_6a9969dc48d5b\" data-res-css=\"     \"><div class=\"container\"><div class=\"row justify-content-end\"><div class=\"col-12 col-md-6\"><div class=\"row justify-content-end\"><div class=\"col-md-11\"><div class=\"section-heading section-heading--white\"><h2 class=\"__title\">Betriebsbesichtigung <span><\/span><\/h2><p>Haben Sie Interesse an einer Betriebsbesichtigung?<\/p>\n<p>Erfahren Sie mehr \u00fcber die Produktion und Verarbeitung von Radieschen und Bundzwiebeln.<\/p>\n<p>F\u00fcr Gruppen ab 10 Personen (max. 20 Personen) bieten wir auch individuelle Betriebsbesichtigungen an. Bei Interesse f\u00fcllen Sie bitte nachfolgendes Onlineformular aus schreiben Sie eine E-Mail - Nachricht oder rufen Sie uns an:<\/p>\n<p>Telefon: 031 \/ 756 14 00<\/p>\n<p>E-Mail: info(at)swissradies.ch<\/p><\/div>\n<div class=\"wpcf7 no-js\" id=\"wpcf7-f941-o1\" lang=\"en-US\" dir=\"ltr\" data-wpcf7-id=\"941\">\n<div class=\"screen-reader-response\"><p role=\"status\" aria-live=\"polite\" aria-atomic=\"true\"><\/p> <ul><\/ul><\/div>\n<form action=\"\/index.php?rest_route=%2Fwp%2Fv2%2Fpages%2F1901#wpcf7-f941-o1\" method=\"post\" class=\"wpcf7-form init\" aria-label=\"Contact form\" novalidate=\"novalidate\" data-status=\"init\">\n<fieldset class=\"hidden-fields-container\"><input type=\"hidden\" name=\"_wpcf7\" value=\"941\" \/><input type=\"hidden\" name=\"_wpcf7_version\" value=\"6.1.7\" \/><input type=\"hidden\" name=\"_wpcf7_locale\" value=\"en_US\" \/><input type=\"hidden\" name=\"_wpcf7_unit_tag\" value=\"wpcf7-f941-o1\" \/><input type=\"hidden\" name=\"_wpcf7_container_post\" value=\"0\" \/><input type=\"hidden\" name=\"_wpcf7_posted_data_hash\" value=\"\" \/>\n<\/fieldset>\n<div class=\"contact-form js-contact-form\" data-aos=\"fade\">\n\t<div class=\"row\">\n\t\t<div class=\"col-12 col-md-6\">\n\t\t\t<div class=\"input-wrp\">\n\t\t\t\t<p><span class=\"wpcf7-form-control-wrap\" data-name=\"firma\"><input size=\"40\" maxlength=\"400\" class=\"wpcf7-form-control wpcf7-text textfield\" aria-invalid=\"false\" placeholder=\"Firma\" value=\"\" type=\"text\" name=\"firma\" \/><\/span>\n\t\t\t\t<\/p>\n\t\t\t<\/div>\n\t\t<\/div>\n\t\t<div class=\"col-12 col-md-6\">\n\t\t\t<div class=\"input-wrp\">\n\t\t\t\t<p><span class=\"wpcf7-form-control-wrap\" data-name=\"anrede\"><select class=\"wpcf7-form-control wpcf7-select wpcf7-validates-as-required textfield\" aria-required=\"true\" aria-invalid=\"false\" name=\"anrede\"><option value=\"Herr\">Herr<\/option><option value=\"Frau\">Frau<\/option><\/select><\/span>\n\t\t\t\t<\/p>\n\t\t\t<\/div>\n\t\t<\/div>\n\t<\/div>\n\t<div class=\"row\">\n\t\t<div class=\"col-12 col-md-6\">\n\t\t\t<div class=\"input-wrp\">\n\t\t\t\t<p><span class=\"wpcf7-form-control-wrap\" data-name=\"vorname\"><input size=\"40\" maxlength=\"400\" class=\"wpcf7-form-control wpcf7-text wpcf7-validates-as-required textfield\" aria-required=\"true\" aria-invalid=\"false\" placeholder=\"Vorname\" value=\"\" type=\"text\" name=\"vorname\" \/><\/span>\n\t\t\t\t<\/p>\n\t\t\t<\/div>\n\t\t<\/div>\n\t\t<div class=\"col-12 col-md-6\">\n\t\t\t<div class=\"input-wrp\">\n\t\t\t\t<p><span class=\"wpcf7-form-control-wrap\" data-name=\"nachname\"><input size=\"40\" maxlength=\"400\" class=\"wpcf7-form-control wpcf7-text wpcf7-validates-as-required textfield\" aria-required=\"true\" aria-invalid=\"false\" placeholder=\"Nachname\" value=\"\" type=\"text\" name=\"nachname\" \/><\/span>\n\t\t\t\t<\/p>\n\t\t\t<\/div>\n\t\t<\/div>\n\t<\/div>\n\t<div class=\"row\">\n\t\t<div class=\"col-12 col-md-6\">\n\t\t\t<div class=\"input-wrp\">\n\t\t\t\t<p><span class=\"wpcf7-form-control-wrap\" data-name=\"strasse\"><input size=\"40\" maxlength=\"400\" class=\"wpcf7-form-control wpcf7-text textfield\" aria-invalid=\"false\" placeholder=\"Strasse \/ Nr.\" value=\"\" type=\"text\" name=\"strasse\" \/><\/span>\n\t\t\t\t<\/p>\n\t\t\t<\/div>\n\t\t<\/div>\n\t\t<div class=\"col-12 col-md-6\">\n\t\t\t<div class=\"input-wrp\">\n\t\t\t\t<p><span class=\"wpcf7-form-control-wrap\" data-name=\"plz-ort\"><input size=\"40\" maxlength=\"400\" class=\"wpcf7-form-control wpcf7-text textfield\" aria-invalid=\"false\" placeholder=\"PLZ \/ Ort\" value=\"\" type=\"text\" name=\"plz-ort\" \/><\/span>\n\t\t\t\t<\/p>\n\t\t\t<\/div>\n\t\t<\/div>\n\t<\/div>\n\t<div class=\"row\">\n\t\t<div class=\"col-12 col-md-6\">\n\t\t\t<div class=\"input-wrp\">\n\t\t\t\t<p><span class=\"wpcf7-form-control-wrap\" data-name=\"telefon\"><input size=\"40\" maxlength=\"400\" class=\"wpcf7-form-control wpcf7-tel wpcf7-text wpcf7-validates-as-tel textfield\" aria-invalid=\"false\" placeholder=\"Telefon\" value=\"\" type=\"tel\" name=\"telefon\" \/><\/span>\n\t\t\t\t<\/p>\n\t\t\t<\/div>\n\t\t<\/div>\n\t\t<div class=\"col-12 col-md-6\">\n\t\t\t<div class=\"input-wrp\">\n\t\t\t\t<p><span class=\"wpcf7-form-control-wrap\" data-name=\"email\"><input size=\"40\" maxlength=\"400\" class=\"wpcf7-form-control wpcf7-email wpcf7-validates-as-required wpcf7-text wpcf7-validates-as-email textfield\" aria-required=\"true\" aria-invalid=\"false\" placeholder=\"E-Mail\" value=\"\" type=\"email\" name=\"email\" \/><\/span>\n\t\t\t\t<\/p>\n\t\t\t<\/div>\n\t\t<\/div>\n\t<\/div>\n\t<div class=\"row\">\n\t\t<div class=\"col-12 col-md-6\">\n\t\t\t<div class=\"input-wrp\">\n\t\t\t\t<p><span class=\"wpcf7-form-control-wrap\" data-name=\"anzahl-personen\"><input class=\"wpcf7-form-control wpcf7-number wpcf7-validates-as-required wpcf7-validates-as-number textfield\" min=\"1\" aria-required=\"true\" aria-invalid=\"false\" placeholder=\"Anzahl Personen\" value=\"\" type=\"number\" name=\"anzahl-personen\" \/><\/span>\n\t\t\t\t<\/p>\n\t\t\t<\/div>\n\t\t<\/div>\n\t\t<div class=\"col-12 col-md-6\">\n\t\t\t<div class=\"input-wrp\">\n\t\t\t\t<p><span class=\"wpcf7-form-control-wrap\" data-name=\"wunschtermin\"><input class=\"wpcf7-form-control wpcf7-date wpcf7-validates-as-required wpcf7-validates-as-date textfield\" aria-required=\"true\" aria-invalid=\"false\" value=\"\" type=\"date\" name=\"wunschtermin\" \/><\/span>\n\t\t\t\t<\/p>\n\t\t\t<\/div>\n\t\t<\/div>\n\t<\/div>\n\t<div class=\"input-wrp\">\n\t\t<p><span class=\"wpcf7-form-control-wrap\" data-name=\"mitteilung\"><textarea cols=\"10\" rows=\"4\" maxlength=\"2000\" class=\"wpcf7-form-control wpcf7-textarea textfield\" aria-invalid=\"false\" placeholder=\"Mitteilung\" name=\"mitteilung\"><\/textarea><\/span>\n\t\t<\/p>\n\t<\/div>\n\t<div class=\"input-wrp\">\n\t\t<p><span class=\"wpcf7-form-control-wrap\" data-name=\"datenschutz\"><span class=\"wpcf7-form-control wpcf7-acceptance\"><span class=\"wpcf7-list-item\"><input type=\"checkbox\" name=\"datenschutz\" value=\"1\" aria-invalid=\"false\" \/><\/span><\/span><\/span> Bitte beachten Sie unsere <a href=\"\/datenschutz\">Datenschutzerkl\u00e4rung<\/a>.\n\t\t<\/p>\n\t<\/div>\n\t<p><input class=\"wpcf7-form-control wpcf7-submit has-spinner custom-btn custom-btn--medium custom-btn--style-3 wide\" type=\"submit\" value=\"Senden\" \/>\n\t<\/p>\n<\/div><p style=\"display: none !important;\" class=\"akismet-fields-container\" data-prefix=\"_wpcf7_ak_\"><label>&#916;<textarea name=\"_wpcf7_ak_hp_textarea\" cols=\"45\" rows=\"8\" maxlength=\"100\"><\/textarea><\/label><input type=\"hidden\" id=\"ak_js_1\" name=\"_wpcf7_ak_js\" value=\"23\"\/><script>\ndocument.getElementById( \"ak_js_1\" ).setAttribute( \"value\", ( new Date() ).getTime() );\n<\/script>\n<\/p><div class=\"wpcf7-response-output\" aria-hidden=\"true\"><\/div>\n<\/form>\n<\/div>\n<\/div><\/div><\/div><\/div><\/div><div class=\"row no-gutters\"><div class=\"col-md-6 map-container map-container--left\"><div class=\"g_map\" data-api-key=\"AIzaSyBXQROV5YMCERGIIuwxrmaZbBl_Wm4Dy5U\" data-longitude=\"46.9669\" data-latitude=\"7.2045\" data-marker=\"https:\/\/www.redesign.swissradies.ch\/wp-content\/uploads\/2026\/05\/Logo_Swissradies_64.png\" style=\"min-height: 255px\"><\/div><\/div><\/div><\/div>[\/vc_column][\/vc_row]\n<\/div>","protected":false},"excerpt":{"rendered":"<p>[vc_row full_width=&#8221;container-null&#8221;][vc_column agro_disable_column=&#8221;yes&#8221; css_animation=&#8221;none&#8221;][\/vc_column][\/vc_row][vc_row full_width=&#8221;container&#8221; css_animation=&#8221;zoomIn&#8221;][vc_column][\/vc_column][vc_column width=&#8221;1\/2&#8243; css=&#8221;.vc_custom_1787660222622{margin-right: 0px !important;border-right-width: 0px !important;padding-right: 0px !important;}&#8221;][vc_single_image image=&#8221;2760&#8243; img_size=&#8221;full&#8221; css=&#8221;.vc_custom_1787664800528{margin-right: 0px !important;border-right-width: 0px !important;padding-right: 0px !important;}&#8221;][vc_column_text css=&#8221;&#8221;] Arbeitszeit: 25 Minuten Schwierigkeitgrad: einfach [\/vc_column_text][vc_column_text css=&#8221;.vc_custom_1787666546220{padding-top: 50px !important;}&#8221;] Zutaten: 12 Radieschen 24 Gew\u00fcrznelken 4 Blatt Kopfsalat 1\/2 Salatgurke 4 (\u00e0 50 g) kleine Trutensteaks Salz Pfeffer 1 EL Sonnenblumen\u00f6l 4&#8230;<\/p>\n","protected":false},"author":1,"featured_media":0,"parent":0,"menu_order":0,"comment_status":"closed","ping_status":"closed","template":"custom-page.php","meta":{"footnotes":""},"class_list":["post-1901","page","type-page","status-publish","hentry"," nt-post-class"],"_links":{"self":[{"href":"https:\/\/www.redesign.swissradies.ch\/index.php?rest_route=\/wp\/v2\/pages\/1901","targetHints":{"allow":["GET"]}}],"collection":[{"href":"https:\/\/www.redesign.swissradies.ch\/index.php?rest_route=\/wp\/v2\/pages"}],"about":[{"href":"https:\/\/www.redesign.swissradies.ch\/index.php?rest_route=\/wp\/v2\/types\/page"}],"author":[{"embeddable":true,"href":"https:\/\/www.redesign.swissradies.ch\/index.php?rest_route=\/wp\/v2\/users\/1"}],"replies":[{"embeddable":true,"href":"https:\/\/www.redesign.swissradies.ch\/index.php?rest_route=%2Fwp%2Fv2%2Fcomments&post=1901"}],"version-history":[{"count":11,"href":"https:\/\/www.redesign.swissradies.ch\/index.php?rest_route=\/wp\/v2\/pages\/1901\/revisions"}],"predecessor-version":[{"id":2769,"href":"https:\/\/www.redesign.swissradies.ch\/index.php?rest_route=\/wp\/v2\/pages\/1901\/revisions\/2769"}],"wp:attachment":[{"href":"https:\/\/www.redesign.swissradies.ch\/index.php?rest_route=%2Fwp%2Fv2%2Fmedia&parent=1901"}],"curies":[{"name":"wp","href":"https:\/\/api.w.org\/{rel}","templated":true}]}}